{"id":18145,"date":"2023-04-20T13:30:25","date_gmt":"2023-04-20T11:30:25","guid":{"rendered":"https:\/\/psicoterapeutabarcelona.es\/servicios-de-psicoterapia\/"},"modified":"2024-04-04T17:19:04","modified_gmt":"2024-04-04T15:19:04","slug":"servicios-de-psicoterapia","status":"publish","type":"page","link":"https:\/\/psicoterapeutabarcelona.es\/ca\/servicios-de-psicoterapia\/","title":{"rendered":"Servicios de psicoterapia Barcelona"},"content":{"rendered":"<p><div class=\"fusion-fullwidth fullwidth-box fusion-builder-row-1 fusion-flex-container has-pattern-background has-mask-background fusion-parallax-none nonhundred-percent-fullwidth non-hundred-percent-height-scrolling\" style=\"--awb-background-position:center top;--awb-border-radius-top-left:0px;--awb-border-radius-top-right:0px;--awb-border-radius-bottom-right:0px;--awb-border-radius-bottom-left:0px;--awb-margin-bottom:50px;--awb-min-height:500px;--awb-background-image:url(&quot;https:\/\/psicoterapeutabarcelona.es\/wp-content\/uploads\/2023\/05\/pexels-shvets-production-7176317-scaled.jpg&quot;);--awb-background-size:cover;--awb-flex-wrap:wrap;\" ><div class=\"fusion-builder-row fusion-row fusion-flex-align-items-flex-start fusion-flex-justify-content-center fusion-flex-content-wrap\" style=\"max-width:1144px;margin-left: calc(-4% \/ 2 );margin-right: calc(-4% \/ 2 );\"><div class=\"fusion-layout-column fusion_builder_column fusion-builder-column-0 fusion_builder_column_3_5 3_5 fusion-flex-column fusion-flex-align-self-center\" style=\"--awb-bg-size:cover;--awb-width-large:60%;--awb-margin-top-large:0px;--awb-spacing-right-large:3.2%;--awb-margin-bottom-large:20px;--awb-spacing-left-large:3.2%;--awb-width-medium:60%;--awb-order-medium:0;--awb-spacing-right-medium:3.2%;--awb-spacing-left-medium:3.2%;--awb-width-small:100%;--awb-order-small:0;--awb-spacing-right-small:1.92%;--awb-spacing-left-small:1.92%;\" id=\"glass\" data-motion-effects=\"[{&quot;type&quot;:&quot;&quot;,&quot;scroll_type&quot;:&quot;transition&quot;,&quot;scroll_direction&quot;:&quot;up&quot;,&quot;transition_speed&quot;:&quot;1&quot;,&quot;fade_type&quot;:&quot;in&quot;,&quot;scale_type&quot;:&quot;up&quot;,&quot;initial_scale&quot;:&quot;1&quot;,&quot;max_scale&quot;:&quot;1.5&quot;,&quot;min_scale&quot;:&quot;0.5&quot;,&quot;initial_rotate&quot;:&quot;0&quot;,&quot;end_rotate&quot;:&quot;30&quot;,&quot;initial_blur&quot;:&quot;0&quot;,&quot;end_blur&quot;:&quot;3&quot;,&quot;start_element&quot;:&quot;top&quot;,&quot;start_viewport&quot;:&quot;bottom&quot;,&quot;end_element&quot;:&quot;bottom&quot;,&quot;end_viewport&quot;:&quot;top&quot;,&quot;mouse_effect&quot;:&quot;track&quot;,&quot;mouse_effect_direction&quot;:&quot;opposite&quot;,&quot;mouse_effect_speed&quot;:&quot;2&quot;,&quot;infinite_animation&quot;:&quot;float&quot;,&quot;infinite_animation_speed&quot;:&quot;2&quot;}]\" data-scroll-devices=\"small-visibility,medium-visibility,large-visibility\"><div class=\"fusion-column-wrapper fusion-column-has-shadow fusion-flex-justify-content-center fusion-content-layout-column\"><div class=\"fusion-title title fusion-title-1 fusion-sep-none fusion-title-center fusion-title-text fusion-title-size-one\" style=\"--awb-text-color:var(--awb-color1);\" id=\"shadow\"><h1 class=\"fusion-title-heading title-heading-center\" style=\"margin:0;\">Centre de Psicoter\u00e0pia a Barcelona<\/h1><\/div><div class=\"fusion-text fusion-text-1\" style=\"--awb-text-color:var(--awb-color1);\" id=\"shadow\"><p><span style=\"font-weight: 400;\">Dirigit per la psicoterapeuta Marga Jordana.<\/span><\/p>\n<p><span style=\"font-weight: 400;\">Especialitzats en Psicoter\u00e0pia Cl\u00ednica, orientaci\u00f3 psicol\u00f2gica per a adults i adolescents i acompanyament en p\u00e8rdues i dols.<\/span><\/p>\n<\/div><\/div><\/div><\/div><\/div><div class=\"fusion-fullwidth fullwidth-box fusion-builder-row-2 fusion-flex-container nonhundred-percent-fullwidth non-hundred-percent-height-scrolling\" style=\"--awb-border-radius-top-left:0px;--awb-border-radius-top-right:0px;--awb-border-radius-bottom-right:0px;--awb-border-radius-bottom-left:0px;--awb-padding-top:50px;--awb-padding-bottom:50px;--awb-margin-top:60px;--awb-margin-bottom:60px;--awb-flex-wrap:wrap;\" ><div class=\"fusion-builder-row fusion-row fusion-flex-align-items-flex-start fusion-flex-content-wrap\" style=\"max-width:1144px;margin-left: calc(-4% \/ 2 );margin-right: calc(-4% \/ 2 );\"><div class=\"fusion-layout-column fusion_builder_column fusion-builder-column-1 fusion_builder_column_1_2 1_2 fusion-flex-column fusion-flex-align-self-stretch\" style=\"--awb-bg-image:url(&#039;https:\/\/psicoterapeutabarcelona.es\/wp-content\/uploads\/2023\/09\/PHOTO-2023-09-12-16-03-13.jpg&#039;);--awb-bg-position:center center;--awb-bg-size:cover;--awb-width-large:50%;--awb-margin-top-large:0px;--awb-spacing-right-large:3.84%;--awb-margin-bottom-large:20px;--awb-spacing-left-large:3.84%;--awb-width-medium:50%;--awb-order-medium:0;--awb-spacing-right-medium:3.84%;--awb-spacing-left-medium:3.84%;--awb-width-small:100%;--awb-order-small:0;--awb-spacing-right-small:1.92%;--awb-spacing-left-small:1.92%;\"><div class=\"fusion-column-wrapper fusion-column-has-shadow fusion-flex-justify-content-center fusion-content-layout-column fusion-empty-column-bg-image fusion-column-has-bg-image\" data-bg-url=\"https:\/\/psicoterapeutabarcelona.es\/wp-content\/uploads\/2023\/09\/PHOTO-2023-09-12-16-03-13.jpg\"><img decoding=\"async\" class=\"fusion-empty-dims-img-placeholder\" src=\"data:image\/svg+xml,%3Csvg%20xmlns%3D%27http%3A%2F%2Fwww.w3.org%2F2000%2Fsvg%27%20width%3D%271600%27%20height%3D%271575%27%20viewBox%3D%270%200%201600%201575%27%3E%3Crect%20width%3D%271600%27%20height%3D%271575%27%20fill-opacity%3D%220%22%2F%3E%3C%2Fsvg%3E\"><\/div><\/div><div class=\"fusion-layout-column fusion_builder_column fusion-builder-column-2 fusion_builder_column_1_2 1_2 fusion-flex-column\" style=\"--awb-bg-size:cover;--awb-width-large:50%;--awb-margin-top-large:0px;--awb-spacing-right-large:3.84%;--awb-margin-bottom-large:20px;--awb-spacing-left-large:3.84%;--awb-width-medium:50%;--awb-order-medium:0;--awb-spacing-right-medium:3.84%;--awb-spacing-left-medium:3.84%;--awb-width-small:100%;--awb-order-small:0;--awb-spacing-right-small:1.92%;--awb-spacing-left-small:1.92%;\"><div class=\"fusion-column-wrapper fusion-column-has-shadow fusion-flex-justify-content-flex-start fusion-content-layout-column\"><div class=\"fusion-title title fusion-title-2 fusion-sep-none fusion-title-text fusion-title-size-two\" style=\"--awb-text-color:var(--awb-color5);--awb-font-size:27px;\" id=\"space\"><h2 class=\"fusion-title-heading title-heading-left\" style=\"margin:0;font-size:1em;\"><h2>Especialitzats en Psicoter\u00e0pia Cl\u00ednica, orientaci\u00f3 psicol\u00f2gica per a adults i adolescents i acompanyament en p\u00e8rdues i dols<\/h2><\/h2><\/div><div class=\"fusion-text fusion-text-2\"><p><span style=\"font-weight: 400;\">Espai Psicol\u00f2gic \u00e9s el centre de psicoter\u00e0pia de Marga Jordana, psic\u00f2loga <\/span><span style=\"font-weight: 400;\">especialista en Psicologia Cl\u00ednica. Aquesta consulta \u00e9s el resultat d\u2019una <\/span><span style=\"font-weight: 400;\">llarga traject\u00f2ria professional, des d\u2019un enfocament i metodologia dins de <\/span><span style=\"font-weight: 400;\">la Psicoter\u00e0pia Experiencial Integrativa.<\/span><\/p>\n<p><span style=\"font-weight: 400;\">Des del 1987, he treballat dins l\u2019\u00e0mbit de la psicoter\u00e0pia, una disciplina de <\/span><span style=\"font-weight: 400;\">la psicologia que es basa en una relaci\u00f3 de comunicaci\u00f3 entre terapeuta i <\/span><span style=\"font-weight: 400;\">pacient, enfocada a l\u2019an\u00e0lisi dels assumptes personals.<\/span><\/p>\n<p><span style=\"font-weight: 400;\">S\u2019estableixen uns objectius, enfocats a qu\u00e8 la persona <\/span><span style=\"font-weight: 400;\">augmenti el seu <\/span><span style=\"font-weight: 400;\">benestar amb ella mateixa i amb l\u2019entorn on viu.<\/span><\/p>\n<\/div><div ><a class=\"fusion-button button-flat fusion-button-default-size button-default fusion-button-default button-1 fusion-button-default-span fusion-button-default-type\" target=\"_blank\" rel=\"noopener noreferrer\" href=\"https:\/\/psicoterapeutabarcelona.es\/contacto\/\"><span class=\"fusion-button-text\">Demana la teva cita<\/span><\/a><\/div><\/div><\/div><\/div><\/div><div class=\"fusion-fullwidth fullwidth-box fusion-builder-row-3 fusion-flex-container nonhundred-percent-fullwidth non-hundred-percent-height-scrolling\" style=\"--awb-border-radius-top-left:0px;--awb-border-radius-top-right:0px;--awb-border-radius-bottom-right:0px;--awb-border-radius-bottom-left:0px;--awb-padding-top:50px;--awb-padding-bottom:50px;--awb-margin-top:60px;--awb-margin-bottom:60px;--awb-background-color:var(--awb-color5);--awb-flex-wrap:wrap;\" ><div class=\"fusion-builder-row fusion-row fusion-flex-align-items-flex-start fusion-flex-content-wrap\" style=\"max-width:1144px;margin-left: calc(-4% \/ 2 );margin-right: calc(-4% \/ 2 );\"><div class=\"fusion-layout-column fusion_builder_column fusion-builder-column-3 fusion_builder_column_1_2 1_2 fusion-flex-column\" style=\"--awb-bg-size:cover;--awb-width-large:50%;--awb-margin-top-large:0px;--awb-spacing-right-large:3.84%;--awb-margin-bottom-large:20px;--awb-spacing-left-large:3.84%;--awb-width-medium:50%;--awb-order-medium:0;--awb-spacing-right-medium:3.84%;--awb-spacing-left-medium:3.84%;--awb-width-small:100%;--awb-order-small:0;--awb-spacing-right-small:1.92%;--awb-spacing-left-small:1.92%;\"><div class=\"fusion-column-wrapper fusion-column-has-shadow fusion-flex-justify-content-flex-start fusion-content-layout-column\"><div class=\"fusion-title title fusion-title-3 fusion-sep-none fusion-title-text fusion-title-size-two\" style=\"--awb-text-color:var(--awb-color1);\" id=\"space\"><h2 class=\"fusion-title-heading title-heading-left\" style=\"margin:0;\">Proc\u00e9s psicoterap\u00e8utic<\/h2><\/div><div class=\"fusion-text fusion-text-3\" style=\"--awb-text-color:var(--awb-color1);\"><p><span style=\"font-weight: 400;\">El proc\u00e9s terap\u00e8utic s\u2019adapta a cada persona de la manera m\u00e9s adequada <\/span><span style=\"font-weight: 400;\">i efectiva segons la demanda inicial i l\u2019evoluci\u00f3 posterior.<\/span><\/p>\n<p><span style=\"font-weight: 400;\">Amb la meva experi\u00e8ncia, creixement personal i professional, he anat <\/span><span style=\"font-weight: 400;\">evolucionant en la manera d\u2019entendre la psicoter\u00e0pia i he anat integrant <\/span><span style=\"font-weight: 400;\">eines que augmenten l\u2019efic\u00e0cia, per aconseguir els millors resultats en el proc\u00e9s de la psicoter\u00e0pia.<\/span><\/p>\n<p><span style=\"font-weight: 400;\">Al nostre centre de psicoter\u00e0pia a Barcelona, us oferim psicoterapeutes <\/span><span style=\"font-weight: 400;\">professionals.<\/span><\/p>\n<\/div><ul style=\"--awb-size:17px;--awb-textcolor:var(--awb-color1);--awb-line-height:28.9px;--awb-icon-width:28.9px;--awb-icon-height:28.9px;--awb-icon-margin:11.9px;--awb-content-margin:40.8px;\" class=\"fusion-checklist fusion-checklist-1 fusion-checklist-default type-icons\"><li class=\"fusion-li-item\" style=\"\"><span class=\"icon-wrapper circle-no\"><i class=\"fusion-li-icon fa-angle-right fas\" aria-hidden=\"true\"><\/i><\/span><div class=\"fusion-li-item-content\">Psicologia Cl\u00ednica<\/div><\/li><li class=\"fusion-li-item\" style=\"\"><span class=\"icon-wrapper circle-no\"><i class=\"fusion-li-icon fa-angle-right fas\" aria-hidden=\"true\"><\/i><\/span><div class=\"fusion-li-item-content\">Psicoter\u00e0pia d\u2019adults i adolescents<\/div><\/li><li class=\"fusion-li-item\" style=\"\"><span class=\"icon-wrapper circle-no\"><i class=\"fusion-li-icon fa-angle-right fas\" aria-hidden=\"true\"><\/i><\/span><div class=\"fusion-li-item-content\">Consulta d\u2019orientaci\u00f3 i assessorament psicol\u00f2gic<\/div><\/li><li class=\"fusion-li-item\" style=\"\"><span class=\"icon-wrapper circle-no\"><i class=\"fusion-li-icon fa-angle-right fas\" aria-hidden=\"true\"><\/i><\/span><div class=\"fusion-li-item-content\">Psicodiagn\u00f2stic i estudi de la personalitat<\/div><\/li><li class=\"fusion-li-item\" style=\"\"><span class=\"icon-wrapper circle-no\"><i class=\"fusion-li-icon fa-angle-right fas\" aria-hidden=\"true\"><\/i><\/span><div class=\"fusion-li-item-content\">Acompanyament en processos de p\u00e8rdua o dols<\/div><\/li><\/ul><\/div><\/div><div class=\"fusion-layout-column fusion_builder_column fusion-builder-column-4 fusion_builder_column_1_2 1_2 fusion-flex-column fusion-flex-align-self-stretch\" style=\"--awb-bg-image:url(&#039;https:\/\/psicoterapeutabarcelona.es\/wp-content\/uploads\/2023\/09\/PHOTO-2023-09-12-16-07-04.jpg&#039;);--awb-bg-position:center center;--awb-bg-size:cover;--awb-width-large:50%;--awb-margin-top-large:0px;--awb-spacing-right-large:3.84%;--awb-margin-bottom-large:20px;--awb-spacing-left-large:3.84%;--awb-width-medium:50%;--awb-order-medium:0;--awb-spacing-right-medium:3.84%;--awb-spacing-left-medium:3.84%;--awb-width-small:100%;--awb-order-small:0;--awb-spacing-right-small:1.92%;--awb-spacing-left-small:1.92%;\"><div class=\"fusion-column-wrapper fusion-column-has-shadow fusion-flex-justify-content-center fusion-content-layout-column fusion-empty-column-bg-image fusion-column-has-bg-image\" data-bg-url=\"https:\/\/psicoterapeutabarcelona.es\/wp-content\/uploads\/2023\/09\/PHOTO-2023-09-12-16-07-04.jpg\"><img decoding=\"async\" class=\"fusion-empty-dims-img-placeholder\" src=\"data:image\/svg+xml,%3Csvg%20xmlns%3D%27http%3A%2F%2Fwww.w3.org%2F2000%2Fsvg%27%20width%3D%272048%27%20height%3D%271937%27%20viewBox%3D%270%200%202048%201937%27%3E%3Crect%20width%3D%272048%27%20height%3D%271937%27%20fill-opacity%3D%220%22%2F%3E%3C%2Fsvg%3E\"><\/div><\/div><\/div><\/div><div class=\"fusion-fullwidth fullwidth-box fusion-builder-row-4 fusion-flex-container nonhundred-percent-fullwidth non-hundred-percent-height-scrolling\" style=\"--awb-border-radius-top-left:0px;--awb-border-radius-top-right:0px;--awb-border-radius-bottom-right:0px;--awb-border-radius-bottom-left:0px;--awb-padding-top:50px;--awb-padding-bottom:50px;--awb-margin-top:60px;--awb-margin-bottom:60px;--awb-flex-wrap:wrap;\" ><div class=\"fusion-builder-row fusion-row fusion-flex-align-items-flex-start fusion-flex-content-wrap\" style=\"max-width:1144px;margin-left: calc(-4% \/ 2 );margin-right: calc(-4% \/ 2 );\"><div class=\"fusion-layout-column fusion_builder_column fusion-builder-column-5 fusion_builder_column_1_2 1_2 fusion-flex-column fusion-flex-align-self-stretch\" style=\"--awb-bg-image:url(&#039;https:\/\/psicoterapeutabarcelona.es\/wp-content\/uploads\/2023\/08\/FOTOS-MEU-DESPATX-1-scaled.jpg&#039;);--awb-bg-position:center center;--awb-bg-size:cover;--awb-width-large:50%;--awb-margin-top-large:0px;--awb-spacing-right-large:3.84%;--awb-margin-bottom-large:20px;--awb-spacing-left-large:3.84%;--awb-width-medium:50%;--awb-order-medium:0;--awb-spacing-right-medium:3.84%;--awb-spacing-left-medium:3.84%;--awb-width-small:100%;--awb-order-small:0;--awb-spacing-right-small:1.92%;--awb-spacing-left-small:1.92%;\"><div class=\"fusion-column-wrapper fusion-column-has-shadow fusion-flex-justify-content-center fusion-content-layout-column fusion-empty-column-bg-image fusion-column-has-bg-image\" data-bg-url=\"https:\/\/psicoterapeutabarcelona.es\/wp-content\/uploads\/2023\/08\/FOTOS-MEU-DESPATX-1-scaled.jpg\"><img decoding=\"async\" class=\"fusion-empty-dims-img-placeholder\" src=\"data:image\/svg+xml,%3Csvg%20xmlns%3D%27http%3A%2F%2Fwww.w3.org%2F2000%2Fsvg%27%20width%3D%272560%27%20height%3D%271714%27%20viewBox%3D%270%200%202560%201714%27%3E%3Crect%20width%3D%272560%27%20height%3D%271714%27%20fill-opacity%3D%220%22%2F%3E%3C%2Fsvg%3E\"><\/div><\/div><div class=\"fusion-layout-column fusion_builder_column fusion-builder-column-6 fusion_builder_column_1_2 1_2 fusion-flex-column fusion-flex-align-self-center\" style=\"--awb-bg-size:cover;--awb-width-large:50%;--awb-margin-top-large:0px;--awb-spacing-right-large:3.84%;--awb-margin-bottom-large:20px;--awb-spacing-left-large:3.84%;--awb-width-medium:50%;--awb-order-medium:0;--awb-spacing-right-medium:3.84%;--awb-spacing-left-medium:3.84%;--awb-width-small:100%;--awb-order-small:0;--awb-spacing-right-small:1.92%;--awb-spacing-left-small:1.92%;\"><div class=\"fusion-column-wrapper fusion-column-has-shadow fusion-flex-justify-content-center fusion-content-layout-column\"><div class=\"fusion-title title fusion-title-4 fusion-sep-none fusion-title-text fusion-title-size-two\" style=\"--awb-text-color:var(--awb-color5);\" id=\"space\"><h2 class=\"fusion-title-heading title-heading-left\" style=\"margin:0;\">Consulta de psicologia a Barcelona<\/h2><\/div><div class=\"fusion-text fusion-text-4\" style=\"--awb-font-size:17px;\"><p><span style=\"font-weight: 400;\">Som al centre de Barcelona, \u200b\u200bal costat de la Pla\u00e7a Universitat, amb <\/span><span style=\"font-weight: 400;\">f\u00e0cil acc\u00e9s per mitjans de transport urbans i interurbans (metro, <\/span><br \/>\n<span style=\"font-weight: 400;\">autob\u00fas, FFCC i Renfe).<\/span><\/p>\n<p><span style=\"font-weight: 400;\">Quan ens trobem en situacions doloroses i dificultoses que afecten <\/span><span style=\"font-weight: 400;\">i\/o alteren la nostra vida i no sabem com enfocar-les i resoldre-les, <\/span><span style=\"font-weight: 400;\">acudir a una psic\u00f2loga ens pot ajudar a ampliar la nostra mirada, <\/span><span style=\"font-weight: 400;\">desenvolupar recursos i trobar la millor soluci\u00f3 possible i m\u00e9s <\/span><span style=\"font-weight: 400;\">efectiva davant del que ens est\u00e0 fent patir.<\/span><\/p>\n<p><iframe style=\"border: 0;\" src=\"https:\/\/www.google.com\/maps\/embed?pb=!1m18!1m12!1m3!1d2993.521049868769!2d2.157817776059487!3d41.38448947130017!2m3!1f0!2f0!3f0!3m2!1i1024!2i768!4f13.1!3m3!1m2!1s0x12a4a28bc25c79e3%3A0x1a3aad5b922a8ae7!2sC%2F%20de%20Casanova%2C%2046%2C%2008011%20Barcelona!5e0!3m2!1ses!2ses!4v1692857895121!5m2!1ses!2ses\" width=\"100%\" height=\"450\" allowfullscreen=\"allowfullscreen\" data-mce-fragment=\"1\"><\/iframe><\/p>\n<\/div><\/div><\/div><\/div><\/div><div class=\"fusion-fullwidth fullwidth-box fusion-builder-row-5 fusion-flex-container has-pattern-background has-mask-background hundred-percent-fullwidth non-hundred-percent-height-scrolling\" style=\"--awb-border-radius-top-left:0px;--awb-border-radius-top-right:0px;--awb-border-radius-bottom-right:0px;--awb-border-radius-bottom-left:0px;--awb-padding-top:0px;--awb-padding-bottom:0px;--awb-margin-top:20px;--awb-margin-bottom:20px;--awb-flex-wrap:wrap;\" ><div class=\"fusion-builder-row fusion-row fusion-flex-align-items-flex-start fusion-flex-content-wrap\" style=\"width:104% !important;max-width:104% !important;margin-left: calc(-4% \/ 2 );margin-right: calc(-4% \/ 2 );\"><div class=\"fusion-layout-column fusion_builder_column fusion-builder-column-7 fusion_builder_column_1_1 1_1 fusion-flex-column fusion-flex-align-self-center\" style=\"--awb-bg-size:cover;--awb-width-large:100%;--awb-margin-top-large:0px;--awb-spacing-right-large:1.92%;--awb-margin-bottom-large:20px;--awb-spacing-left-large:1.92%;--awb-width-medium:100%;--awb-order-medium:0;--awb-spacing-right-medium:1.92%;--awb-spacing-left-medium:1.92%;--awb-width-small:100%;--awb-order-small:0;--awb-spacing-right-small:1.92%;--awb-spacing-left-small:1.92%;\"><div class=\"fusion-column-wrapper fusion-column-has-shadow fusion-flex-justify-content-center fusion-content-layout-column\"><div class=\"fusion-title title fusion-title-5 fusion-sep-none fusion-title-center fusion-title-text fusion-title-size-two\" style=\"--awb-text-color:var(--awb-color5);\" id=\"space\"><h2 class=\"fusion-title-heading title-heading-center\" style=\"margin:0;\"><h3 style=\"text-align: center!important;\">A Espai Psicol\u00f2gic, ajudem a tractar i canalitzar el teu malestar, que es pot<br \/>\nmanifestar de diferents maneres<\/h3><\/h2><\/div><\/div><\/div><div class=\"fusion-layout-column fusion_builder_column fusion-builder-column-8 fusion_builder_column_1_4 1_4 fusion-flex-column fusion-flex-align-self-stretch\" style=\"--awb-bg-image:linear-gradient(180deg, rgba(0,0,0,0.4) 0%,rgba(0,0,0,0.4) 100%),url(https:\/\/psicoterapeutabarcelona.es\/wp-content\/uploads\/2023\/05\/pexels-inzmam-khan-1134204-scaled.jpg);;--awb-bg-position:center center;--awb-bg-size:cover;--awb-width-large:25%;--awb-margin-top-large:0px;--awb-spacing-right-large:0px;--awb-margin-bottom-large:0px;--awb-spacing-left-large:0px;--awb-width-medium:25%;--awb-order-medium:0;--awb-spacing-right-medium:0px;--awb-spacing-left-medium:0px;--awb-width-small:100%;--awb-order-small:0;--awb-spacing-right-small:1.92%;--awb-spacing-left-small:1.92%;\" id=\"block\"><div class=\"fusion-column-wrapper fusion-column-has-shadow fusion-flex-justify-content-center fusion-content-layout-column fusion-column-has-bg-image\" data-bg-url=\"https:\/\/psicoterapeutabarcelona.es\/wp-content\/uploads\/2023\/05\/pexels-inzmam-khan-1134204-scaled.jpg\"><div class=\"fusion-text fusion-text-5\" style=\"--awb-content-alignment:center;--awb-font-size:17px;--awb-text-color:var(--awb-color1);\"><p style=\"text-align: center!important;\">Ansietat, angoixa, patiment, inquietud. Sensaci\u00f3 de qu\u00e8 no hi ha sortida a la situaci\u00f3, no sentir-se amb forces de trobar la sortida o no ser capa\u00e7 de prendre les decisions necess\u00e0ries per trobar la millor soluci\u00f3 possible.<\/p>\n<\/div><\/div><\/div><div class=\"fusion-layout-column fusion_builder_column fusion-builder-column-9 fusion_builder_column_1_4 1_4 fusion-flex-column fusion-flex-align-self-stretch\" style=\"--awb-bg-image:linear-gradient(180deg, rgba(0,0,0,0.4) 0%,rgba(0,0,0,0.4) 100%),url(https:\/\/psicoterapeutabarcelona.es\/wp-content\/uploads\/2023\/05\/pexels-oscar-millan-14018445-scaled.jpg);;--awb-bg-position:center center;--awb-bg-size:cover;--awb-width-large:25%;--awb-margin-top-large:0px;--awb-spacing-right-large:0px;--awb-margin-bottom-large:0px;--awb-spacing-left-large:0px;--awb-width-medium:25%;--awb-order-medium:0;--awb-spacing-right-medium:0px;--awb-spacing-left-medium:0px;--awb-width-small:100%;--awb-order-small:0;--awb-spacing-right-small:1.92%;--awb-spacing-left-small:1.92%;\" id=\"block\"><div class=\"fusion-column-wrapper fusion-column-has-shadow fusion-flex-justify-content-center fusion-content-layout-column fusion-column-has-bg-image\" data-bg-url=\"https:\/\/psicoterapeutabarcelona.es\/wp-content\/uploads\/2023\/05\/pexels-oscar-millan-14018445-scaled.jpg\"><div class=\"fusion-text fusion-text-6\" style=\"--awb-content-alignment:center;--awb-font-size:17px;--awb-text-color:var(--awb-color1);\"><p style=\"text-align: center!important;\">Situacions de dol i\/o crisi. Situacions de crisi corresponents al moment vital que s\u2019est\u00e0 vivint: com encarar una malaltia pr\u00f2pia o una persona propera, separacions, p\u00e8rdua d\u2019un \u00e9sser estimat, d\u2019una feina, d\u2019un habitatge, de la salut\u2026<\/p>\n<\/div><\/div><\/div><div class=\"fusion-layout-column fusion_builder_column fusion-builder-column-10 fusion_builder_column_1_4 1_4 fusion-flex-column fusion-flex-align-self-stretch\" style=\"--awb-bg-image:linear-gradient(180deg, rgba(0,0,0,0.4) 0%,rgba(0,0,0,0.4) 100%),url(https:\/\/psicoterapeutabarcelona.es\/wp-content\/uploads\/2023\/05\/pexels-khoa-vo-5430077-scaled.jpg);;--awb-bg-position:center center;--awb-bg-size:cover;--awb-width-large:25%;--awb-margin-top-large:0px;--awb-spacing-right-large:0px;--awb-margin-bottom-large:0px;--awb-spacing-left-large:0px;--awb-width-medium:25%;--awb-order-medium:0;--awb-spacing-right-medium:0px;--awb-spacing-left-medium:0px;--awb-width-small:100%;--awb-order-small:0;--awb-spacing-right-small:1.92%;--awb-spacing-left-small:1.92%;\" id=\"block\"><div class=\"fusion-column-wrapper fusion-column-has-shadow fusion-flex-justify-content-center fusion-content-layout-column fusion-column-has-bg-image\" data-bg-url=\"https:\/\/psicoterapeutabarcelona.es\/wp-content\/uploads\/2023\/05\/pexels-khoa-vo-5430077-scaled.jpg\"><div class=\"fusion-text fusion-text-7\" style=\"--awb-content-alignment:center;--awb-font-size:17px;--awb-text-color:var(--awb-color1);\"><p style=\"text-align: center!important;\">Depressi\u00f3, tristesa. Desmotivaci\u00f3 per fer les activitats quotidianes, desesperan\u00e7a, apatia, manca de projectes, il\u00b7lusi\u00f3, cansament\u2026<\/p>\n<\/div><\/div><\/div><div class=\"fusion-layout-column fusion_builder_column fusion-builder-column-11 fusion_builder_column_1_4 1_4 fusion-flex-column fusion-flex-align-self-stretch\" style=\"--awb-bg-image:linear-gradient(180deg, rgba(0,0,0,0.4) 0%,rgba(0,0,0,0.4) 100%),url(https:\/\/psicoterapeutabarcelona.es\/wp-content\/uploads\/2023\/05\/pexels-energepiccom-313690-scaled.jpg);;--awb-bg-position:center center;--awb-bg-size:cover;--awb-width-large:25%;--awb-margin-top-large:0px;--awb-spacing-right-large:0px;--awb-margin-bottom-large:0px;--awb-spacing-left-large:0px;--awb-width-medium:25%;--awb-order-medium:0;--awb-spacing-right-medium:0px;--awb-spacing-left-medium:0px;--awb-width-small:100%;--awb-order-small:0;--awb-spacing-right-small:1.92%;--awb-spacing-left-small:1.92%;\" id=\"block\"><div class=\"fusion-column-wrapper fusion-column-has-shadow fusion-flex-justify-content-center fusion-content-layout-column fusion-column-has-bg-image\" data-bg-url=\"https:\/\/psicoterapeutabarcelona.es\/wp-content\/uploads\/2023\/05\/pexels-energepiccom-313690-scaled.jpg\"><div class=\"fusion-text fusion-text-8\" style=\"--awb-content-alignment:center;--awb-font-size:17px;--awb-text-color:var(--awb-color1);\"><p style=\"text-align: center!important;\">Problemes de son, alimentaci\u00f3, estr\u00e8s laboral, addiccions, cansament cr\u00f2nic, problemes d\u2019adaptaci\u00f3, trastorns de personalitat, traumes infantils no resolts.<\/p>\n<\/div><\/div><\/div><div class=\"fusion-layout-column fusion_builder_column fusion-builder-column-12 fusion_builder_column_1_4 1_4 fusion-flex-column fusion-flex-align-self-stretch\" style=\"--awb-bg-image:linear-gradient(180deg, rgba(0,0,0,0.4) 0%,rgba(0,0,0,0.4) 100%),url(https:\/\/psicoterapeutabarcelona.es\/wp-content\/uploads\/2023\/05\/pexels-alex-green-5700162-scaled.jpg);;--awb-bg-position:center center;--awb-bg-size:cover;--awb-width-large:25%;--awb-margin-top-large:0px;--awb-spacing-right-large:0px;--awb-margin-bottom-large:0px;--awb-spacing-left-large:0px;--awb-width-medium:25%;--awb-order-medium:0;--awb-spacing-right-medium:0px;--awb-spacing-left-medium:0px;--awb-width-small:100%;--awb-order-small:0;--awb-spacing-right-small:1.92%;--awb-spacing-left-small:1.92%;\" id=\"block\"><div class=\"fusion-column-wrapper fusion-column-has-shadow fusion-flex-justify-content-center fusion-content-layout-column fusion-column-has-bg-image\" data-bg-url=\"https:\/\/psicoterapeutabarcelona.es\/wp-content\/uploads\/2023\/05\/pexels-alex-green-5700162-scaled.jpg\"><div class=\"fusion-text fusion-text-9\" style=\"--awb-content-alignment:center;--awb-font-size:17px;--awb-text-color:var(--awb-color1);\"><p style=\"text-align: center!important;\">Inseguretat, baixa autoestima. Poca confian\u00e7a en un mateix, sentiments d&#8217;inferioritat, disfuncions sexuals.<\/p>\n<\/div><\/div><\/div><div class=\"fusion-layout-column fusion_builder_column fusion-builder-column-13 fusion_builder_column_1_4 1_4 fusion-flex-column fusion-flex-align-self-stretch\" style=\"--awb-bg-image:linear-gradient(180deg, rgba(0,0,0,0.4) 0%,rgba(0,0,0,0.4) 100%),url(https:\/\/psicoterapeutabarcelona.es\/wp-content\/uploads\/2023\/05\/pexels-julia-larson-6456303-scaled.jpg);;--awb-bg-position:center center;--awb-bg-size:cover;--awb-width-large:25%;--awb-margin-top-large:0px;--awb-spacing-right-large:0px;--awb-margin-bottom-large:0px;--awb-spacing-left-large:0px;--awb-width-medium:25%;--awb-order-medium:0;--awb-spacing-right-medium:0px;--awb-spacing-left-medium:0px;--awb-width-small:100%;--awb-order-small:0;--awb-spacing-right-small:1.92%;--awb-spacing-left-small:1.92%;\" id=\"block\"><div class=\"fusion-column-wrapper fusion-column-has-shadow fusion-flex-justify-content-center fusion-content-layout-column fusion-column-has-bg-image\" data-bg-url=\"https:\/\/psicoterapeutabarcelona.es\/wp-content\/uploads\/2023\/05\/pexels-julia-larson-6456303-scaled.jpg\"><div class=\"fusion-text fusion-text-10\" style=\"--awb-content-alignment:center;--awb-font-size:17px;--awb-text-color:var(--awb-color1);\"><p style=\"text-align: center!important;\">Desig i motivaci\u00f3 per aprofundir en un autoconeixement m\u00e9s gran per sentir-se amb m\u00e9s eines per encarar les diverses etapes i situacions de la vida.<\/p>\n<\/div><\/div><\/div><div class=\"fusion-layout-column fusion_builder_column fusion-builder-column-14 fusion_builder_column_1_4 1_4 fusion-flex-column fusion-flex-align-self-stretch\" style=\"--awb-bg-image:linear-gradient(180deg, rgba(0,0,0,0.4) 0%,rgba(0,0,0,0.4) 100%),url(https:\/\/psicoterapeutabarcelona.es\/wp-content\/uploads\/2023\/05\/pexels-timur-weber-8560757-scaled.jpg);;--awb-bg-position:center center;--awb-bg-size:cover;--awb-width-large:25%;--awb-margin-top-large:0px;--awb-spacing-right-large:0px;--awb-margin-bottom-large:0px;--awb-spacing-left-large:0px;--awb-width-medium:25%;--awb-order-medium:0;--awb-spacing-right-medium:0px;--awb-spacing-left-medium:0px;--awb-width-small:100%;--awb-order-small:0;--awb-spacing-right-small:1.92%;--awb-spacing-left-small:1.92%;\" id=\"block\"><div class=\"fusion-column-wrapper fusion-column-has-shadow fusion-flex-justify-content-center fusion-content-layout-column fusion-column-has-bg-image\" data-bg-url=\"https:\/\/psicoterapeutabarcelona.es\/wp-content\/uploads\/2023\/05\/pexels-timur-weber-8560757-scaled.jpg\"><div class=\"fusion-text fusion-text-11\" style=\"--awb-content-alignment:center;--awb-font-size:17px;--awb-text-color:var(--awb-color1);\"><p style=\"text-align: center!important;\">Dificultats en les relacions interpersonals (en la relaci\u00f3 de parella, amb els fills, amb la fam\u00edlia, amb els companys de feina, amb les amistats\u2026). De vegades, es poden donar situacions problem\u00e0tiques que es converteixen en cercles viciosos que comporten insatisfacci\u00f3, frustraci\u00f3, infelicitat i esgotament emocional.<\/p>\n<\/div><\/div><\/div><div class=\"fusion-layout-column fusion_builder_column fusion-builder-column-15 fusion_builder_column_1_4 1_4 fusion-flex-column fusion-flex-align-self-stretch\" style=\"--awb-bg-image:linear-gradient(180deg, rgba(0,0,0,0.4) 0%,rgba(0,0,0,0.4) 100%),url(https:\/\/psicoterapeutabarcelona.es\/wp-content\/uploads\/2023\/05\/pexels-mart-production-7277896-scaled.jpg);;--awb-bg-position:center center;--awb-bg-size:cover;--awb-width-large:25%;--awb-margin-top-large:0px;--awb-spacing-right-large:0px;--awb-margin-bottom-large:0px;--awb-spacing-left-large:0px;--awb-width-medium:25%;--awb-order-medium:0;--awb-spacing-right-medium:0px;--awb-spacing-left-medium:0px;--awb-width-small:100%;--awb-order-small:0;--awb-spacing-right-small:1.92%;--awb-spacing-left-small:1.92%;\" id=\"block\"><div class=\"fusion-column-wrapper fusion-column-has-shadow fusion-flex-justify-content-center fusion-content-layout-column fusion-column-has-bg-image\" data-bg-url=\"https:\/\/psicoterapeutabarcelona.es\/wp-content\/uploads\/2023\/05\/pexels-mart-production-7277896-scaled.jpg\"><div class=\"fusion-text fusion-text-12\" style=\"--awb-content-alignment:center;--awb-font-size:17px;--awb-text-color:var(--awb-color1);\"><p style=\"text-align: center!important;\">De vegades, la persona se sent malament, per\u00f2 no sap qu\u00e8 li passa, no compr\u00e8n per qu\u00e8 se sent com se sent. Pot ser un malestar dif\u00fas, en qu\u00e8 la persona es pot\u00a0 sentir perduda, dispersa, desorientada, buida, desmotivada.<\/p>\n<\/div><\/div><\/div><div class=\"fusion-layout-column fusion_builder_column fusion-builder-column-16 fusion_builder_column_1_1 1_1 fusion-flex-column\" style=\"--awb-bg-size:cover;--awb-width-large:100%;--awb-margin-top-large:30px;--awb-spacing-right-large:1.92%;--awb-margin-bottom-large:20px;--awb-spacing-left-large:1.92%;--awb-width-medium:100%;--awb-order-medium:0;--awb-spacing-right-medium:1.92%;--awb-spacing-left-medium:1.92%;--awb-width-small:100%;--awb-order-small:0;--awb-spacing-right-small:1.92%;--awb-spacing-left-small:1.92%;\"><div class=\"fusion-column-wrapper fusion-column-has-shadow fusion-flex-justify-content-flex-start fusion-content-layout-column\"><div style=\"text-align:center;\"><a class=\"fusion-button button-flat fusion-button-default-size button-default fusion-button-default button-2 fusion-button-default-span fusion-button-default-type\" target=\"_blank\" rel=\"noopener noreferrer\" href=\"https:\/\/psicoterapeutabarcelona.es\/contacto\/\"><span class=\"fusion-button-text\">Demana la teva cita ara<\/span><\/a><\/div><\/div><\/div><\/div><\/div><div class=\"fusion-fullwidth fullwidth-box fusion-builder-row-6 fusion-flex-container has-pattern-background has-mask-background nonhundred-percent-fullwidth non-hundred-percent-height-scrolling\" style=\"--awb-border-radius-top-left:0px;--awb-border-radius-top-right:0px;--awb-border-radius-bottom-right:0px;--awb-border-radius-bottom-left:0px;--awb-padding-top:50px;--awb-padding-bottom:50px;--awb-margin-top:60px;--awb-margin-bottom:60px;--awb-flex-wrap:wrap;\" ><div class=\"fusion-builder-row fusion-row fusion-flex-align-items-flex-start fusion-flex-content-wrap\" style=\"max-width:1144px;margin-left: calc(-4% \/ 2 );margin-right: calc(-4% \/ 2 );\"><div class=\"fusion-layout-column fusion_builder_column fusion-builder-column-17 fusion_builder_column_1_1 1_1 fusion-flex-column fusion-flex-align-self-center\" style=\"--awb-bg-size:cover;--awb-width-large:100%;--awb-margin-top-large:0px;--awb-spacing-right-large:1.92%;--awb-margin-bottom-large:20px;--awb-spacing-left-large:1.92%;--awb-width-medium:100%;--awb-order-medium:0;--awb-spacing-right-medium:1.92%;--awb-spacing-left-medium:1.92%;--awb-width-small:100%;--awb-order-small:0;--awb-spacing-right-small:1.92%;--awb-spacing-left-small:1.92%;\"><div class=\"fusion-column-wrapper fusion-column-has-shadow fusion-flex-justify-content-center fusion-content-layout-column\"><div class=\"fusion-title title fusion-title-6 fusion-sep-none fusion-title-center fusion-title-text fusion-title-size-two\" style=\"--awb-text-color:var(--awb-color5);\" id=\"space\"><h2 class=\"fusion-title-heading title-heading-center\" style=\"margin:0;\"><h3 style=\"text-align: center!important;\">Psicoter\u00e0pia a Barcelona per ajuda psicol\u00f2gica en situacions de malestar i dolor en adults i adolescents<\/h3><\/h2><\/div><\/div><\/div><div class=\"fusion-layout-column fusion_builder_column fusion-builder-column-18 fusion_builder_column_1_2 1_2 fusion-flex-column\" style=\"--awb-bg-size:cover;--awb-width-large:50%;--awb-margin-top-large:0px;--awb-spacing-right-large:3.84%;--awb-margin-bottom-large:20px;--awb-spacing-left-large:3.84%;--awb-width-medium:50%;--awb-order-medium:0;--awb-spacing-right-medium:3.84%;--awb-spacing-left-medium:3.84%;--awb-width-small:100%;--awb-order-small:0;--awb-spacing-right-small:1.92%;--awb-spacing-left-small:1.92%;\"><div class=\"fusion-column-wrapper fusion-column-has-shadow fusion-flex-justify-content-flex-start fusion-content-layout-column\"><div class=\"accordian fusion-accordian\" style=\"--awb-border-size:1px;--awb-icon-size:16px;--awb-content-font-size:17px;--awb-icon-alignment:left;--awb-hover-color:var(--awb-color2);--awb-border-color:var(--awb-color3);--awb-background-color:var(--awb-color1);--awb-divider-color:var(--awb-color3);--awb-divider-hover-color:var(--awb-color3);--awb-icon-color:var(--awb-color1);--awb-title-color:var(--awb-color8);--awb-content-color:var(--awb-color8);--awb-icon-box-color:var(--awb-color8);--awb-toggle-hover-accent-color:var(--awb-color5);--awb-title-font-family:var(--awb-typography1-font-family);--awb-title-font-weight:var(--awb-typography1-font-weight);--awb-title-font-style:var(--awb-typography1-font-style);--awb-title-font-size:20px;--awb-content-font-family:var(--awb-typography4-font-family);--awb-content-font-weight:var(--awb-typography4-font-weight);--awb-content-font-style:var(--awb-typography4-font-style);\"><div class=\"panel-group fusion-toggle-icon-boxed\" id=\"accordion-18145-1\"><div class=\"fusion-panel panel-default panel-6135c3471b8cb312f fusion-toggle-has-divider\" style=\"--awb-title-color:var(--awb-color8);\"><div class=\"panel-heading\"><h4 class=\"panel-title toggle\" id=\"toggle_6135c3471b8cb312f\"><a aria-expanded=\"false\" aria-controls=\"6135c3471b8cb312f\" role=\"button\" data-toggle=\"collapse\" data-parent=\"#accordion-18145-1\" data-target=\"#6135c3471b8cb312f\" href=\"#6135c3471b8cb312f\"><span class=\"fusion-toggle-icon-wrapper\" aria-hidden=\"true\"><i class=\"fa-fusion-box active-icon awb-icon-minus\" aria-hidden=\"true\"><\/i><i class=\"fa-fusion-box inactive-icon awb-icon-plus\" aria-hidden=\"true\"><\/i><\/span><span class=\"fusion-toggle-heading\">Qu\u00e8 \u00e9s la psicoter\u00e0pia?<\/span><\/a><\/h4><\/div><div id=\"6135c3471b8cb312f\" class=\"panel-collapse collapse \" aria-labelledby=\"toggle_6135c3471b8cb312f\"><div class=\"panel-body toggle-content fusion-clearfix\">La psicoter\u00e0pia \u00e9s un tractament cient\u00edfic, de naturalesa psicol\u00f2gica que, a partir de manifestacions ps\u00edquiques o f\u00edsiques del malestar hum\u00e0, promou l\u2019\u00e8xit de canvis o modificacions en el comportament, la salut f\u00edsica i ps\u00edquica, la integraci\u00f3 de la identitat psicol\u00f2gica i el benestar de les persones o grups com ara la parella o la fam\u00edlia.<\/div><\/div><\/div><div class=\"fusion-panel panel-default panel-94ca59b11c78ceb18 fusion-toggle-has-divider\" style=\"--awb-title-color:var(--awb-color8);\"><div class=\"panel-heading\"><h4 class=\"panel-title toggle\" id=\"toggle_94ca59b11c78ceb18\"><a aria-expanded=\"false\" aria-controls=\"94ca59b11c78ceb18\" role=\"button\" data-toggle=\"collapse\" data-parent=\"#accordion-18145-1\" data-target=\"#94ca59b11c78ceb18\" href=\"#94ca59b11c78ceb18\"><span class=\"fusion-toggle-icon-wrapper\" aria-hidden=\"true\"><i class=\"fa-fusion-box active-icon awb-icon-minus\" aria-hidden=\"true\"><\/i><i class=\"fa-fusion-box inactive-icon awb-icon-plus\" aria-hidden=\"true\"><\/i><\/span><span class=\"fusion-toggle-heading\">Com es treballa en psicoter\u00e0pia?<\/span><\/a><\/h4><\/div><div id=\"94ca59b11c78ceb18\" class=\"panel-collapse collapse \" aria-labelledby=\"toggle_94ca59b11c78ceb18\"><div class=\"panel-body toggle-content fusion-clearfix\">\n<p>A la psicoter\u00e0pia, es fa un contracte (generalment verbal) on es marquen els objectius a aconseguir amb el tractament. Aquests objectius es poden anar modificant al llarg del proc\u00e9s.<\/p>\n<p>La psicoter\u00e0pia ofereix un espai on la persona reflexiona sobre si mateixa, les seves preocupacions, la seva manera de pensar, sentir i actuar.<\/p>\n<p>Busquem l\u2019aprofundiment en el coneixement d\u2019un mateix per aconseguir una millor gesti\u00f3 de la manera de sentir, pensar i fer, i com a conseq\u00fc\u00e8ncia, una millor relaci\u00f3 interna amb ell mateix una millor gesti\u00f3 en les relacions interpersonals.<\/p>\n<\/div><\/div><\/div><div class=\"fusion-panel panel-default panel-dab2d3e6383cedc44 fusion-toggle-has-divider\" style=\"--awb-title-color:var(--awb-color8);\"><div class=\"panel-heading\"><h4 class=\"panel-title toggle\" id=\"toggle_dab2d3e6383cedc44\"><a aria-expanded=\"false\" aria-controls=\"dab2d3e6383cedc44\" role=\"button\" data-toggle=\"collapse\" data-parent=\"#accordion-18145-1\" data-target=\"#dab2d3e6383cedc44\" href=\"#dab2d3e6383cedc44\"><span class=\"fusion-toggle-icon-wrapper\" aria-hidden=\"true\"><i class=\"fa-fusion-box active-icon awb-icon-minus\" aria-hidden=\"true\"><\/i><i class=\"fa-fusion-box inactive-icon awb-icon-plus\" aria-hidden=\"true\"><\/i><\/span><span class=\"fusion-toggle-heading\">Qu\u00e8 \u00e9s la relaci\u00f3 terap\u00e8utica?<\/span><\/a><\/h4><\/div><div id=\"dab2d3e6383cedc44\" class=\"panel-collapse collapse \" aria-labelledby=\"toggle_dab2d3e6383cedc44\"><div class=\"panel-body toggle-content fusion-clearfix\">\u00c9s la relaci\u00f3 que s\u2019estableix al llarg del proc\u00e9s entre el pacient\/client i el psicoterapeuta.<\/p>\n<p>Aquesta relaci\u00f3 est\u00e0 basada a crear una s\u00f2lida confian\u00e7a m\u00fatua, de manera que es configura un espai segur que facilita recon\u00e8ixer i acollir les nostres parts vulnerables i enfortir els propis recursos.<\/p>\n<p>Una bona relaci\u00f3 terap\u00e8utica t\u00e9 poder curatiu.<\/div><\/div><\/div><\/div><\/div><\/div><\/div><div class=\"fusion-layout-column fusion_builder_column fusion-builder-column-19 fusion_builder_column_1_2 1_2 fusion-flex-column\" style=\"--awb-bg-size:cover;--awb-width-large:50%;--awb-margin-top-large:0px;--awb-spacing-right-large:3.84%;--awb-margin-bottom-large:20px;--awb-spacing-left-large:3.84%;--awb-width-medium:50%;--awb-order-medium:0;--awb-spacing-right-medium:3.84%;--awb-spacing-left-medium:3.84%;--awb-width-small:100%;--awb-order-small:0;--awb-spacing-right-small:1.92%;--awb-spacing-left-small:1.92%;\"><div class=\"fusion-column-wrapper fusion-column-has-shadow fusion-flex-justify-content-flex-start fusion-content-layout-column\"><div class=\"accordian fusion-accordian\" style=\"--awb-border-size:1px;--awb-icon-size:16px;--awb-content-font-size:17px;--awb-icon-alignment:left;--awb-hover-color:var(--awb-color2);--awb-border-color:var(--awb-color3);--awb-background-color:var(--awb-color1);--awb-divider-color:var(--awb-color3);--awb-divider-hover-color:var(--awb-color3);--awb-icon-color:var(--awb-color1);--awb-title-color:var(--awb-color8);--awb-content-color:var(--awb-color8);--awb-icon-box-color:var(--awb-color8);--awb-toggle-hover-accent-color:var(--awb-color5);--awb-title-font-family:var(--awb-typography1-font-family);--awb-title-font-weight:var(--awb-typography1-font-weight);--awb-title-font-style:var(--awb-typography1-font-style);--awb-title-font-size:20px;--awb-content-font-family:var(--awb-typography4-font-family);--awb-content-font-weight:var(--awb-typography4-font-weight);--awb-content-font-style:var(--awb-typography4-font-style);\"><div class=\"panel-group fusion-toggle-icon-boxed\" id=\"accordion-18145-2\"><div class=\"fusion-panel panel-default panel-1a59a1feb9071d8cb fusion-toggle-has-divider\" style=\"--awb-title-color:var(--awb-color8);\"><div class=\"panel-heading\"><h4 class=\"panel-title toggle\" id=\"toggle_1a59a1feb9071d8cb\"><a aria-expanded=\"false\" aria-controls=\"1a59a1feb9071d8cb\" role=\"button\" data-toggle=\"collapse\" data-parent=\"#accordion-18145-2\" data-target=\"#1a59a1feb9071d8cb\" href=\"#1a59a1feb9071d8cb\"><span class=\"fusion-toggle-icon-wrapper\" aria-hidden=\"true\"><i class=\"fa-fusion-box active-icon awb-icon-minus\" aria-hidden=\"true\"><\/i><i class=\"fa-fusion-box inactive-icon awb-icon-plus\" aria-hidden=\"true\"><\/i><\/span><span class=\"fusion-toggle-heading\">Quin objectiu t\u00e9 la relaci\u00f3 terap\u00e8utica i la psicoter\u00e0pia?<\/span><\/a><\/h4><\/div><div id=\"1a59a1feb9071d8cb\" class=\"panel-collapse collapse \" aria-labelledby=\"toggle_1a59a1feb9071d8cb\"><div class=\"panel-body toggle-content fusion-clearfix\">\n<p>L\u2019objectiu \u00e9s que la persona potenci\u00ef les seves habilitats per encarar i enfocar la vida amb els millors recursos possibles, de manera que pugui superar les limitacions i dificultats que poden estar relacionades amb experi\u00e8ncies de la seva inf\u00e0ncia, amb traumes o amb les viv\u00e8ncies que ha tingut al llarg de la seva traject\u00f2ria vital.<\/p>\n<p>Busquem que la persona guareixi les seves ferides, adquireixi recursos i tingui una vida satisfact\u00f2ria i obtingui la millor versi\u00f3 de si mateix.<br \/>\nEl proc\u00e9s de psicoter\u00e0pia pot anar dirigit tant a una situaci\u00f3 concreta o conflicte en qu\u00e8 la persona se sent sense recursos, com a un proc\u00e9s m\u00e9s global enfocat en l\u2019actitud que es t\u00e9 davant la vida.<\/p>\n<\/div><\/div><\/div><div class=\"fusion-panel panel-default panel-4a7cccbd25231fba4 fusion-toggle-has-divider\" style=\"--awb-title-color:var(--awb-color8);\"><div class=\"panel-heading\"><h4 class=\"panel-title toggle\" id=\"toggle_4a7cccbd25231fba4\"><a aria-expanded=\"false\" aria-controls=\"4a7cccbd25231fba4\" role=\"button\" data-toggle=\"collapse\" data-parent=\"#accordion-18145-2\" data-target=\"#4a7cccbd25231fba4\" href=\"#4a7cccbd25231fba4\"><span class=\"fusion-toggle-icon-wrapper\" aria-hidden=\"true\"><i class=\"fa-fusion-box active-icon awb-icon-minus\" aria-hidden=\"true\"><\/i><i class=\"fa-fusion-box inactive-icon awb-icon-plus\" aria-hidden=\"true\"><\/i><\/span><span class=\"fusion-toggle-heading\">Ofereixen consulta de psicoter\u00e0pia en l\u00ednia?<\/span><\/a><\/h4><\/div><div id=\"4a7cccbd25231fba4\" class=\"panel-collapse collapse \" aria-labelledby=\"toggle_4a7cccbd25231fba4\"><div class=\"panel-body toggle-content fusion-clearfix\">\n<p>S\u00ed, des de fa m\u00e9s de 10 anys oferim un servei de psicoter\u00e0pia en l\u00ednia, sense necessitat d\u2019acudir a la consulta. Pots obtenir m\u00e9s informaci\u00f3 <a href=\"https:\/\/nova.psicoterapeutabarcelona.es\/consulta-psicologica-online\/\">aqu\u00ed<\/a>.<\/p>\n<\/div><\/div><\/div><div class=\"fusion-panel panel-default panel-083653462c77c2803 fusion-toggle-has-divider\" style=\"--awb-title-color:var(--awb-color8);\"><div class=\"panel-heading\"><h4 class=\"panel-title toggle\" id=\"toggle_083653462c77c2803\"><a aria-expanded=\"false\" aria-controls=\"083653462c77c2803\" role=\"button\" data-toggle=\"collapse\" data-parent=\"#accordion-18145-2\" data-target=\"#083653462c77c2803\" href=\"#083653462c77c2803\"><span class=\"fusion-toggle-icon-wrapper\" aria-hidden=\"true\"><i class=\"fa-fusion-box active-icon awb-icon-minus\" aria-hidden=\"true\"><\/i><i class=\"fa-fusion-box inactive-icon awb-icon-plus\" aria-hidden=\"true\"><\/i><\/span><span class=\"fusion-toggle-heading\">Quines difer\u00e8ncies hi ha entre un psic\u00f2leg i un psiquiatre?<\/span><\/a><\/h4><\/div><div id=\"083653462c77c2803\" class=\"panel-collapse collapse \" aria-labelledby=\"toggle_083653462c77c2803\"><div class=\"panel-body toggle-content fusion-clearfix\">\n<p>S\u00f3n dos enfocaments diferents que responen a dues maneres d\u2019entendre el pacient\/client i el tractament. Tot i que en molts professionals es complementen aquestes dues mirades sobre els pacients, la difer\u00e8ncia m\u00e9s important \u00e9s el tipus d\u2019intervenci\u00f3.<\/p>\n<p>Des de la perspectiva psiqui\u00e0trica, i des de l\u2019\u00e0mbit de la medicina, sovint el problema psicol\u00f2gic es considera fruit d\u2019un desequilibri qu\u00edmic del cos, del cervell i del sistema nervi\u00f3s.<\/p>\n<p>Des de l\u2019\u00e0mbit de la psicologia, es considera que alguns problemes psicol\u00f2gics s\u2019originen a partir d\u2019una dificultat de la persona per viure d\u2019acord amb les necessitats pr\u00f2pies. La dificultat pot ser deguda a causes org\u00e0niques o psicoambientals.<\/p>\n<p>Pel que fa al tractament, a psiquiatria es basa en psicof\u00e0rmacs, que es dosifiquen segons la simptomatologia que presenta la persona a cada moment.<br \/>\nD\u2019altra banda, la psicologia posa al servei del pacient diferents t\u00e8cniques psicol\u00f2giques que li permeten aprendre\/potenciar recursos per promoure un canvi en la pr\u00f2pia vida, en la direcci\u00f3 desitjada, que en millori la qualitat i la satisfacci\u00f3 personal.<\/p>\n<p>En aquest sentit, en un proc\u00e9s psicoterap\u00e8utic \u00e9s la mateixa persona la que ha de decidir, a proposta de la psic\u00f2loga, si en un moment determinat es fa necessari o no un tractament farmacol\u00f2gic puntual o prolongadament.<\/p>\n<\/div><\/div><\/div><\/div><\/div><\/div><\/div><\/div><\/div><\/p>\n","protected":false},"excerpt":{"rendered":"","protected":false},"author":1,"featured_media":0,"parent":0,"menu_order":0,"comment_status":"closed","ping_status":"closed","template":"100-width.php","meta":{"footnotes":""},"class_list":["post-18145","page","type-page","status-publish","hentry"],"yoast_head":"<!-- This site is optimized with the Yoast SEO plugin v27.5 - https:\/\/yoast.com\/product\/yoast-seo-wordpress\/ -->\n<title>Servicios de psicoterapia - Psicoterapeuta Barcelona<\/title>\n<meta name=\"description\" content=\"Explora nuestros servicios de psicoterapia y encuentra un espacio seguro para tu bienestar mental. Terapeutas expertos te ayudan\" \/>\n<meta name=\"robots\" content=\"index, follow, max-snippet:-1, max-image-preview:large, max-video-preview:-1\" \/>\n<link rel=\"canonical\" href=\"https:\/\/psicoterapeutabarcelona.es\/ca\/servicios-de-psicoterapia\/\" \/>\n<meta property=\"og:locale\" content=\"ca_ES\" \/>\n<meta property=\"og:type\" content=\"article\" \/>\n<meta property=\"og:title\" content=\"Servicios de psicoterapia - Psicoterapeuta Barcelona\" \/>\n<meta property=\"og:description\" content=\"Explora nuestros servicios de psicoterapia y encuentra un espacio seguro para tu bienestar mental. Terapeutas expertos te ayudan\" \/>\n<meta property=\"og:url\" content=\"https:\/\/psicoterapeutabarcelona.es\/ca\/servicios-de-psicoterapia\/\" \/>\n<meta property=\"og:site_name\" content=\"Psicoterapeuta Barcelona\" \/>\n<meta property=\"article:modified_time\" content=\"2024-04-04T15:19:04+00:00\" \/>\n<meta name=\"twitter:card\" content=\"summary_large_image\" \/>\n<meta name=\"twitter:label1\" content=\"Temps estimat de lectura\" \/>\n\t<meta name=\"twitter:data1\" content=\"21 minuts\" \/>\n<script type=\"application\/ld+json\" class=\"yoast-schema-graph\">{\"@context\":\"https:\\\/\\\/schema.org\",\"@graph\":[{\"@type\":\"WebPage\",\"@id\":\"https:\\\/\\\/psicoterapeutabarcelona.es\\\/ca\\\/servicios-de-psicoterapia\\\/\",\"url\":\"https:\\\/\\\/psicoterapeutabarcelona.es\\\/ca\\\/servicios-de-psicoterapia\\\/\",\"name\":\"Servicios de psicoterapia - Psicoterapeuta Barcelona\",\"isPartOf\":{\"@id\":\"https:\\\/\\\/psicoterapeutabarcelona.es\\\/ca\\\/#website\"},\"datePublished\":\"2023-04-20T11:30:25+00:00\",\"dateModified\":\"2024-04-04T15:19:04+00:00\",\"description\":\"Explora nuestros servicios de psicoterapia y encuentra un espacio seguro para tu bienestar mental. Terapeutas expertos te ayudan\",\"breadcrumb\":{\"@id\":\"https:\\\/\\\/psicoterapeutabarcelona.es\\\/ca\\\/servicios-de-psicoterapia\\\/#breadcrumb\"},\"inLanguage\":\"ca\",\"potentialAction\":[{\"@type\":\"ReadAction\",\"target\":[\"https:\\\/\\\/psicoterapeutabarcelona.es\\\/ca\\\/servicios-de-psicoterapia\\\/\"]}]},{\"@type\":\"BreadcrumbList\",\"@id\":\"https:\\\/\\\/psicoterapeutabarcelona.es\\\/ca\\\/servicios-de-psicoterapia\\\/#breadcrumb\",\"itemListElement\":[{\"@type\":\"ListItem\",\"position\":1,\"name\":\"Portada\",\"item\":\"https:\\\/\\\/psicoterapeutabarcelona.es\\\/ca\\\/\"},{\"@type\":\"ListItem\",\"position\":2,\"name\":\"Servicios de psicoterapia Barcelona\"}]},{\"@type\":\"WebSite\",\"@id\":\"https:\\\/\\\/psicoterapeutabarcelona.es\\\/ca\\\/#website\",\"url\":\"https:\\\/\\\/psicoterapeutabarcelona.es\\\/ca\\\/\",\"name\":\"Psicoterapeuta Barcelona\",\"description\":\"Centro psicoterapia y psicolog\u00eda adultos en Barcelona\",\"potentialAction\":[{\"@type\":\"SearchAction\",\"target\":{\"@type\":\"EntryPoint\",\"urlTemplate\":\"https:\\\/\\\/psicoterapeutabarcelona.es\\\/ca\\\/?s={search_term_string}\"},\"query-input\":{\"@type\":\"PropertyValueSpecification\",\"valueRequired\":true,\"valueName\":\"search_term_string\"}}],\"inLanguage\":\"ca\"},{\"@type\":\"ImageObject\",\"inLanguage\":\"ca\",\"@id\":\"https:\\\/\\\/psicoterapeutabarcelona.es\\\/ca\\\/servicios-de-psicoterapia\\\/#local-main-organization-logo\",\"url\":\"\",\"contentUrl\":\"\",\"caption\":\"Psicoterapeuta Barcelona\"}]}<\/script>\n<meta name=\"geo.placename\" content=\"Barcelona\" \/>\n<meta name=\"geo.position\" content=\"41.38462624273252;2.160381954222568\" \/>\n<meta name=\"geo.region\" content=\"Espanya\" \/>\n<!-- \/ Yoast SEO plugin. -->","yoast_head_json":{"title":"Servicios de psicoterapia - Psicoterapeuta Barcelona","description":"Explora nuestros servicios de psicoterapia y encuentra un espacio seguro para tu bienestar mental. Terapeutas expertos te ayudan","robots":{"index":"index","follow":"follow","max-snippet":"max-snippet:-1","max-image-preview":"max-image-preview:large","max-video-preview":"max-video-preview:-1"},"canonical":"https:\/\/psicoterapeutabarcelona.es\/ca\/servicios-de-psicoterapia\/","og_locale":"ca_ES","og_type":"article","og_title":"Servicios de psicoterapia - Psicoterapeuta Barcelona","og_description":"Explora nuestros servicios de psicoterapia y encuentra un espacio seguro para tu bienestar mental. Terapeutas expertos te ayudan","og_url":"https:\/\/psicoterapeutabarcelona.es\/ca\/servicios-de-psicoterapia\/","og_site_name":"Psicoterapeuta Barcelona","article_modified_time":"2024-04-04T15:19:04+00:00","twitter_card":"summary_large_image","twitter_misc":{"Temps estimat de lectura":"21 minuts"},"schema":{"@context":"https:\/\/schema.org","@graph":[{"@type":"WebPage","@id":"https:\/\/psicoterapeutabarcelona.es\/ca\/servicios-de-psicoterapia\/","url":"https:\/\/psicoterapeutabarcelona.es\/ca\/servicios-de-psicoterapia\/","name":"Servicios de psicoterapia - Psicoterapeuta Barcelona","isPartOf":{"@id":"https:\/\/psicoterapeutabarcelona.es\/ca\/#website"},"datePublished":"2023-04-20T11:30:25+00:00","dateModified":"2024-04-04T15:19:04+00:00","description":"Explora nuestros servicios de psicoterapia y encuentra un espacio seguro para tu bienestar mental. Terapeutas expertos te ayudan","breadcrumb":{"@id":"https:\/\/psicoterapeutabarcelona.es\/ca\/servicios-de-psicoterapia\/#breadcrumb"},"inLanguage":"ca","potentialAction":[{"@type":"ReadAction","target":["https:\/\/psicoterapeutabarcelona.es\/ca\/servicios-de-psicoterapia\/"]}]},{"@type":"BreadcrumbList","@id":"https:\/\/psicoterapeutabarcelona.es\/ca\/servicios-de-psicoterapia\/#breadcrumb","itemListElement":[{"@type":"ListItem","position":1,"name":"Portada","item":"https:\/\/psicoterapeutabarcelona.es\/ca\/"},{"@type":"ListItem","position":2,"name":"Servicios de psicoterapia Barcelona"}]},{"@type":"WebSite","@id":"https:\/\/psicoterapeutabarcelona.es\/ca\/#website","url":"https:\/\/psicoterapeutabarcelona.es\/ca\/","name":"Psicoterapeuta Barcelona","description":"Centro psicoterapia y psicolog\u00eda adultos en Barcelona","potentialAction":[{"@type":"SearchAction","target":{"@type":"EntryPoint","urlTemplate":"https:\/\/psicoterapeutabarcelona.es\/ca\/?s={search_term_string}"},"query-input":{"@type":"PropertyValueSpecification","valueRequired":true,"valueName":"search_term_string"}}],"inLanguage":"ca"},{"@type":"ImageObject","inLanguage":"ca","@id":"https:\/\/psicoterapeutabarcelona.es\/ca\/servicios-de-psicoterapia\/#local-main-organization-logo","url":"","contentUrl":"","caption":"Psicoterapeuta Barcelona"}]},"geo.placename":"Barcelona","geo.position":{"lat":"41.38462624273252","long":"2.160381954222568"},"geo.region":"Espanya"},"_links":{"self":[{"href":"https:\/\/psicoterapeutabarcelona.es\/ca\/wp-json\/wp\/v2\/pages\/18145","targetHints":{"allow":["GET"]}}],"collection":[{"href":"https:\/\/psicoterapeutabarcelona.es\/ca\/wp-json\/wp\/v2\/pages"}],"about":[{"href":"https:\/\/psicoterapeutabarcelona.es\/ca\/wp-json\/wp\/v2\/types\/page"}],"author":[{"embeddable":true,"href":"https:\/\/psicoterapeutabarcelona.es\/ca\/wp-json\/wp\/v2\/users\/1"}],"replies":[{"embeddable":true,"href":"https:\/\/psicoterapeutabarcelona.es\/ca\/wp-json\/wp\/v2\/comments?post=18145"}],"version-history":[{"count":0,"href":"https:\/\/psicoterapeutabarcelona.es\/ca\/wp-json\/wp\/v2\/pages\/18145\/revisions"}],"wp:attachment":[{"href":"https:\/\/psicoterapeutabarcelona.es\/ca\/wp-json\/wp\/v2\/media?parent=18145"}],"curies":[{"name":"wp","href":"https:\/\/api.w.org\/{rel}","templated":true}]}}